{"id":923,"date":"2016-05-24T14:38:29","date_gmt":"2016-05-24T13:38:29","guid":{"rendered":"http:\/\/www.mag-fruits.fr\/?page_id=923"},"modified":"2016-05-26T09:00:03","modified_gmt":"2016-05-26T08:00:03","slug":"tour-du-loiret-2016","status":"publish","type":"page","link":"https:\/\/www.mag-fruits.fr\/index.php\/tour-du-loiret-2016\/","title":{"rendered":"Tour du Loiret 2016"},"content":{"rendered":"<p>[et_pb_section admin_label=\u00a0\u00bbsection\u00a0\u00bb background_image=\u00a0\u00bbhttp:\/\/www.mag-fruits.fr\/wp-content\/uploads\/2016\/05\/IMG_9415.jpg\u00a0\u00bb transparent_background=\u00a0\u00bboff\u00a0\u00bb allow_player_pause=\u00a0\u00bboff\u00a0\u00bb inner_shadow=\u00a0\u00bboff\u00a0\u00bb parallax=\u00a0\u00bbon\u00a0\u00bb parallax_method=\u00a0\u00bboff\u00a0\u00bb padding_mobile=\u00a0\u00bboff\u00a0\u00bb make_fullwidth=\u00a0\u00bboff\u00a0\u00bb use_custom_width=\u00a0\u00bboff\u00a0\u00bb width_unit=\u00a0\u00bbon\u00a0\u00bb make_equal=\u00a0\u00bboff\u00a0\u00bb use_custom_gutter=\u00a0\u00bboff\u00a0\u00bb custom_css_main_element=\u00a0\u00bbheight:200px\u00a0\u00bb][et_pb_row admin_label=\u00a0\u00bbrow\u00a0\u00bb][et_pb_column type=\u00a0\u00bb4_4&Prime;][\/et_pb_column][\/et_pb_row][\/et_pb_section][et_pb_section admin_label=\u00a0\u00bbSection\u00a0\u00bb fullwidth=\u00a0\u00bboff\u00a0\u00bb specialty=\u00a0\u00bboff\u00a0\u00bb][et_pb_row admin_label=\u00a0\u00bbLigne\u00a0\u00bb][et_pb_column type=\u00a0\u00bb2_3&Prime;][et_pb_text admin_label=\u00a0\u00bbTexte\u00a0\u00bb background_layout=\u00a0\u00bblight\u00a0\u00bb text_orientation=\u00a0\u00bbleft\u00a0\u00bb use_border_color=\u00a0\u00bboff\u00a0\u00bb border_color=\u00a0\u00bb#ffffff\u00a0\u00bb border_style=\u00a0\u00bbsolid\u00a0\u00bb]<\/p>\n<h1>Tour du Loiret &#8211; 20\/21\/22 mai 2016<\/h1>\n<p>Mag-Fruits a eu le plaisir d&rsquo;\u00eatre partenaire du Tour du Loiret 2016. Au cours de ces trois jours sportifs et audacieux qu&rsquo;ont v\u00e9cu les coureurs, Mag-Fruits a fait d\u00e9couvrir les bien-faits des fruits et l\u00e9gumes au public \u00e0 travers diff\u00e9rentes animations. La soci\u00e9t\u00e9 a \u00e9galement encourag\u00e9 le meilleur espoir\u00a0avec le maillot violine port\u00e9 par :<\/p>\n<ul>\n<li>Adrien Carpentier le vendredi 20 mai<\/li>\n<li>Adrien Thomas le samedi 21 mai et le dimanche 22 mai au matin<\/li>\n<li>Dylan Kowalski le dimanche 22 mai avec le titre de vainqueur final<\/li>\n<\/ul>\n<p>Retrouvez quelques photos de l&rsquo;\u00e9v\u00e8nement ci-dessous :<\/p>\n<p>&nbsp;<\/p>\n<p>[\/et_pb_text][\/et_pb_column][et_pb_column type=\u00a0\u00bb1_3&Prime;][et_pb_image admin_label=\u00a0\u00bbImage\u00a0\u00bb src=\u00a0\u00bbhttp:\/\/www.mag-fruits.fr\/wp-content\/uploads\/2016\/05\/Maillot-MAG-FRUITS.png\u00a0\u00bb show_in_lightbox=\u00a0\u00bboff\u00a0\u00bb url_new_window=\u00a0\u00bboff\u00a0\u00bb animation=\u00a0\u00bbleft\u00a0\u00bb sticky=\u00a0\u00bboff\u00a0\u00bb align=\u00a0\u00bbleft\u00a0\u00bb force_fullwidth=\u00a0\u00bboff\u00a0\u00bb always_center_on_mobile=\u00a0\u00bbon\u00a0\u00bb use_border_color=\u00a0\u00bboff\u00a0\u00bb border_color=\u00a0\u00bb#ffffff\u00a0\u00bb border_style=\u00a0\u00bbsolid\u00a0\u00bb] [\/et_pb_image][\/et_pb_column][\/et_pb_row][et_pb_row admin_label=\u00a0\u00bbLigne\u00a0\u00bb][et_pb_column type=\u00a0\u00bb4_4&Prime;][et_pb_divider admin_label=\u00a0\u00bbS\u00e9parateur\u00a0\u00bb color=\u00a0\u00bb#919191&Prime; show_divider=\u00a0\u00bboff\u00a0\u00bb divider_style=\u00a0\u00bbsolid\u00a0\u00bb divider_position=\u00a0\u00bbtop\u00a0\u00bb hide_on_mobile=\u00a0\u00bbon\u00a0\u00bb height=\u00a0\u00bb10&Prime;] [\/et_pb_divider][et_pb_gallery admin_label=\u00a0\u00bbGalerie\u00a0\u00bb gallery_ids=\u00a0\u00bb938,930,944,931,945,933,932,934,936,937,939,929,924&Prime; fullwidth=\u00a0\u00bboff\u00a0\u00bb show_title_and_caption=\u00a0\u00bbon\u00a0\u00bb show_pagination=\u00a0\u00bbon\u00a0\u00bb background_layout=\u00a0\u00bbdark\u00a0\u00bb auto=\u00a0\u00bbon\u00a0\u00bb hover_overlay_color=\u00a0\u00bbrgba(255,255,255,0.9)\u00a0\u00bb caption_all_caps=\u00a0\u00bboff\u00a0\u00bb use_border_color=\u00a0\u00bboff\u00a0\u00bb border_color=\u00a0\u00bb#ffffff\u00a0\u00bb border_style=\u00a0\u00bbsolid\u00a0\u00bb posts_number=\u00a0\u00bb8&Prime;] [\/et_pb_gallery][\/et_pb_column][\/et_pb_row][\/et_pb_section][et_pb_section admin_label=\u00a0\u00bbsection\u00a0\u00bb background_image=\u00a0\u00bbhttp:\/\/www.mag-fruits.fr\/wp-content\/uploads\/2016\/05\/IMG_9415.jpg\u00a0\u00bb transparent_background=\u00a0\u00bboff\u00a0\u00bb allow_player_pause=\u00a0\u00bboff\u00a0\u00bb inner_shadow=\u00a0\u00bboff\u00a0\u00bb parallax=\u00a0\u00bbon\u00a0\u00bb parallax_method=\u00a0\u00bboff\u00a0\u00bb padding_mobile=\u00a0\u00bboff\u00a0\u00bb make_fullwidth=\u00a0\u00bboff\u00a0\u00bb use_custom_width=\u00a0\u00bboff\u00a0\u00bb width_unit=\u00a0\u00bbon\u00a0\u00bb make_equal=\u00a0\u00bboff\u00a0\u00bb use_custom_gutter=\u00a0\u00bboff\u00a0\u00bb custom_css_main_element=\u00a0\u00bbheight:200px\u00a0\u00bb][et_pb_row admin_label=\u00a0\u00bbrow\u00a0\u00bb][et_pb_column type=\u00a0\u00bb4_4&Prime;][\/et_pb_column][\/et_pb_row][\/et_pb_section]<\/p>\n","protected":false},"excerpt":{"rendered":"<p>Tour du Loiret &#8211; 20\/21\/22 mai 2016 Mag-Fruits a eu le plaisir d&rsquo;\u00eatre partenaire du Tour du Loiret 2016. Au cours de ces trois jours sportifs et audacieux qu&rsquo;ont v\u00e9cu les coureurs, Mag-Fruits a fait d\u00e9couvrir les bien-faits des fruits et l\u00e9gumes au public \u00e0 travers diff\u00e9rentes animations. La soci\u00e9t\u00e9 a \u00e9galement encourag\u00e9 le meilleur [&hellip;]<\/p>\n","protected":false},"author":1,"featured_media":0,"parent":0,"menu_order":0,"comment_status":"closed","ping_status":"closed","template":"","meta":{"_et_pb_use_builder":"on","_et_pb_old_content":"","_et_gb_content_width":""},"yoast_head":"<!-- This site is optimized with the Yoast SEO plugin v18.6 - https:\/\/yoast.com\/wordpress\/plugins\/seo\/ -->\n<title>Tour du Loiret 2016 - Mag-Fruits<\/title>\n<meta name=\"description\" content=\"La Soci\u00e9t\u00e9 Mag-Fruits est ravie d&#039;avoir accompagner les coureurs \u00e0 travers l&#039;\u00e9dition 2016 du Tour du Loiret. Retrouvez une s\u00e9lection de photos...\" \/>\n<meta name=\"robots\" content=\"index, follow, max-snippet:-1, max-image-preview:large, max-video-preview:-1\" \/>\n<link rel=\"canonical\" href=\"https:\/\/www.mag-fruits.fr\/index.php\/tour-du-loiret-2016\/\" \/>\n<meta property=\"og:locale\" content=\"fr_FR\" \/>\n<meta property=\"og:type\" content=\"article\" \/>\n<meta property=\"og:title\" content=\"Tour du Loiret 2016 - Mag-Fruits\" \/>\n<meta property=\"og:description\" content=\"La Soci\u00e9t\u00e9 Mag-Fruits est ravie d&#039;avoir accompagner les coureurs \u00e0 travers l&#039;\u00e9dition 2016 du Tour du Loiret. Retrouvez une s\u00e9lection de photos...\" \/>\n<meta property=\"og:url\" content=\"https:\/\/www.mag-fruits.fr\/index.php\/tour-du-loiret-2016\/\" \/>\n<meta property=\"og:site_name\" content=\"Mag-Fruits\" \/>\n<meta property=\"article:modified_time\" content=\"2016-05-26T08:00:03+00:00\" \/>\n<meta name=\"twitter:card\" content=\"summary\" \/>\n<meta name=\"twitter:label1\" content=\"Dur\u00e9e de lecture estim\u00e9e\" \/>\n\t<meta name=\"twitter:data1\" content=\"2 minutes\" \/>\n<script type=\"application\/ld+json\" class=\"yoast-schema-graph\">{\"@context\":\"https:\/\/schema.org\",\"@graph\":[{\"@type\":\"WebSite\",\"@id\":\"https:\/\/www.mag-fruits.fr\/#website\",\"url\":\"https:\/\/www.mag-fruits.fr\/\",\"name\":\"Mag-Fruits\",\"description\":\"Au coeur du frais\",\"potentialAction\":[{\"@type\":\"SearchAction\",\"target\":{\"@type\":\"EntryPoint\",\"urlTemplate\":\"https:\/\/www.mag-fruits.fr\/?s={search_term_string}\"},\"query-input\":\"required name=search_term_string\"}],\"inLanguage\":\"fr-FR\"},{\"@type\":\"WebPage\",\"@id\":\"https:\/\/www.mag-fruits.fr\/index.php\/tour-du-loiret-2016\/#webpage\",\"url\":\"https:\/\/www.mag-fruits.fr\/index.php\/tour-du-loiret-2016\/\",\"name\":\"Tour du Loiret 2016 - Mag-Fruits\",\"isPartOf\":{\"@id\":\"https:\/\/www.mag-fruits.fr\/#website\"},\"datePublished\":\"2016-05-24T13:38:29+00:00\",\"dateModified\":\"2016-05-26T08:00:03+00:00\",\"description\":\"La Soci\u00e9t\u00e9 Mag-Fruits est ravie d'avoir accompagner les coureurs \u00e0 travers l'\u00e9dition 2016 du Tour du Loiret. Retrouvez une s\u00e9lection de photos...\",\"breadcrumb\":{\"@id\":\"https:\/\/www.mag-fruits.fr\/index.php\/tour-du-loiret-2016\/#breadcrumb\"},\"inLanguage\":\"fr-FR\",\"potentialAction\":[{\"@type\":\"ReadAction\",\"target\":[\"https:\/\/www.mag-fruits.fr\/index.php\/tour-du-loiret-2016\/\"]}]},{\"@type\":\"BreadcrumbList\",\"@id\":\"https:\/\/www.mag-fruits.fr\/index.php\/tour-du-loiret-2016\/#breadcrumb\",\"itemListElement\":[{\"@type\":\"ListItem\",\"position\":1,\"name\":\"Accueil\",\"item\":\"https:\/\/www.mag-fruits.fr\/\"},{\"@type\":\"ListItem\",\"position\":2,\"name\":\"Tour du Loiret 2016\"}]}]}<\/script>\n<!-- \/ Yoast SEO plugin. -->","yoast_head_json":{"title":"Tour du Loiret 2016 - Mag-Fruits","description":"La Soci\u00e9t\u00e9 Mag-Fruits est ravie d'avoir accompagner les coureurs \u00e0 travers l'\u00e9dition 2016 du Tour du Loiret. Retrouvez une s\u00e9lection de photos...","robots":{"index":"index","follow":"follow","max-snippet":"max-snippet:-1","max-image-preview":"max-image-preview:large","max-video-preview":"max-video-preview:-1"},"canonical":"https:\/\/www.mag-fruits.fr\/index.php\/tour-du-loiret-2016\/","og_locale":"fr_FR","og_type":"article","og_title":"Tour du Loiret 2016 - Mag-Fruits","og_description":"La Soci\u00e9t\u00e9 Mag-Fruits est ravie d'avoir accompagner les coureurs \u00e0 travers l'\u00e9dition 2016 du Tour du Loiret. Retrouvez une s\u00e9lection de photos...","og_url":"https:\/\/www.mag-fruits.fr\/index.php\/tour-du-loiret-2016\/","og_site_name":"Mag-Fruits","article_modified_time":"2016-05-26T08:00:03+00:00","twitter_card":"summary","twitter_misc":{"Dur\u00e9e de lecture estim\u00e9e":"2 minutes"},"schema":{"@context":"https:\/\/schema.org","@graph":[{"@type":"WebSite","@id":"https:\/\/www.mag-fruits.fr\/#website","url":"https:\/\/www.mag-fruits.fr\/","name":"Mag-Fruits","description":"Au coeur du frais","potentialAction":[{"@type":"SearchAction","target":{"@type":"EntryPoint","urlTemplate":"https:\/\/www.mag-fruits.fr\/?s={search_term_string}"},"query-input":"required name=search_term_string"}],"inLanguage":"fr-FR"},{"@type":"WebPage","@id":"https:\/\/www.mag-fruits.fr\/index.php\/tour-du-loiret-2016\/#webpage","url":"https:\/\/www.mag-fruits.fr\/index.php\/tour-du-loiret-2016\/","name":"Tour du Loiret 2016 - Mag-Fruits","isPartOf":{"@id":"https:\/\/www.mag-fruits.fr\/#website"},"datePublished":"2016-05-24T13:38:29+00:00","dateModified":"2016-05-26T08:00:03+00:00","description":"La Soci\u00e9t\u00e9 Mag-Fruits est ravie d'avoir accompagner les coureurs \u00e0 travers l'\u00e9dition 2016 du Tour du Loiret. Retrouvez une s\u00e9lection de photos...","breadcrumb":{"@id":"https:\/\/www.mag-fruits.fr\/index.php\/tour-du-loiret-2016\/#breadcrumb"},"inLanguage":"fr-FR","potentialAction":[{"@type":"ReadAction","target":["https:\/\/www.mag-fruits.fr\/index.php\/tour-du-loiret-2016\/"]}]},{"@type":"BreadcrumbList","@id":"https:\/\/www.mag-fruits.fr\/index.php\/tour-du-loiret-2016\/#breadcrumb","itemListElement":[{"@type":"ListItem","position":1,"name":"Accueil","item":"https:\/\/www.mag-fruits.fr\/"},{"@type":"ListItem","position":2,"name":"Tour du Loiret 2016"}]}]}},"_links":{"self":[{"href":"https:\/\/www.mag-fruits.fr\/index.php\/wp-json\/wp\/v2\/pages\/923"}],"collection":[{"href":"https:\/\/www.mag-fruits.fr\/index.php\/wp-json\/wp\/v2\/pages"}],"about":[{"href":"https:\/\/www.mag-fruits.fr\/index.php\/wp-json\/wp\/v2\/types\/page"}],"author":[{"embeddable":true,"href":"https:\/\/www.mag-fruits.fr\/index.php\/wp-json\/wp\/v2\/users\/1"}],"replies":[{"embeddable":true,"href":"https:\/\/www.mag-fruits.fr\/index.php\/wp-json\/wp\/v2\/comments?post=923"}],"version-history":[{"count":20,"href":"https:\/\/www.mag-fruits.fr\/index.php\/wp-json\/wp\/v2\/pages\/923\/revisions"}],"predecessor-version":[{"id":964,"href":"https:\/\/www.mag-fruits.fr\/index.php\/wp-json\/wp\/v2\/pages\/923\/revisions\/964"}],"wp:attachment":[{"href":"https:\/\/www.mag-fruits.fr\/index.php\/wp-json\/wp\/v2\/media?parent=923"}],"curies":[{"name":"wp","href":"https:\/\/api.w.org\/{rel}","templated":true}]}}